{"version":"1.0","provider_name":"Art\u00edculos sobre Gafas Deportivas Graduadas | Centro \u00d3ptico Alpedrete ","provider_url":"https:\/\/www.centroopticoalpedrete.com\/blog","title":"Iberdrola, con gafas Oakley, Campeon de Europa.","type":"rich","width":600,"height":338,"html":"<blockquote class=\"wp-embedded-content\" data-secret=\"H1gxvPvsJl\"><a href=\"https:\/\/www.centroopticoalpedrete.com\/blog\/iberdrola-con-gafas-oakley-campeon-de-europa\/\">Iberdrola, con gafas Oakley, Campeon de Europa.<\/a><\/blockquote><iframe sandbox=\"allow-scripts\" security=\"restricted\" src=\"https:\/\/www.centroopticoalpedrete.com\/blog\/iberdrola-con-gafas-oakley-campeon-de-europa\/embed\/#?secret=H1gxvPvsJl\" width=\"600\" height=\"338\" title=\"\u00abIberdrola, con gafas Oakley, Campeon de Europa.\u00bb \u2014 Art\u00edculos sobre Gafas Deportivas Graduadas | Centro \u00d3ptico Alpedrete \" data-secret=\"H1gxvPvsJl\" frameborder=\"0\" marginwidth=\"0\" marginheight=\"0\" scrolling=\"no\" class=\"wp-embedded-content\"><\/iframe><script type=\"text\/javascript\">\n\/* <![CDATA[ *\/\n\/*! This file is auto-generated *\/\n!function(d,l){\"use strict\";l.querySelector&&d.addEventListener&&\"undefined\"!=typeof URL&&(d.wp=d.wp||{},d.wp.receiveEmbedMessage||(d.wp.receiveEmbedMessage=function(e){var t=e.data;if((t||t.secret||t.message||t.value)&&!\/[^a-zA-Z0-9]\/.test(t.secret)){for(var s,r,n,a=l.querySelectorAll('iframe[data-secret=\"'+t.secret+'\"]'),o=l.querySelectorAll('blockquote[data-secret=\"'+t.secret+'\"]'),c=new RegExp(\"^https?:$\",\"i\"),i=0;i<o.length;i++)o[i].style.display=\"none\";for(i=0;i<a.length;i++)s=a[i],e.source===s.contentWindow&&(s.removeAttribute(\"style\"),\"height\"===t.message?(1e3<(r=parseInt(t.value,10))?r=1e3:~~r<200&&(r=200),s.height=r):\"link\"===t.message&&(r=new URL(s.getAttribute(\"src\")),n=new URL(t.value),c.test(n.protocol))&&n.host===r.host&&l.activeElement===s&&(d.top.location.href=t.value))}},d.addEventListener(\"message\",d.wp.receiveEmbedMessage,!1),l.addEventListener(\"DOMContentLoaded\",function(){for(var e,t,s=l.querySelectorAll(\"iframe.wp-embedded-content\"),r=0;r<s.length;r++)(t=(e=s[r]).getAttribute(\"data-secret\"))||(t=Math.random().toString(36).substring(2,12),e.src+=\"#?secret=\"+t,e.setAttribute(\"data-secret\",t)),e.contentWindow.postMessage({message:\"ready\",secret:t},\"*\")},!1)))}(window,document);\n\/\/# sourceURL=https:\/\/www.centroopticoalpedrete.com\/blog\/wp-includes\/js\/wp-embed.min.js\n\/* ]]> *\/\n<\/script>\n","description":"El 'Team Iberdrola' del armador donostiarra Agust\u00edn Zulueta y patroneado por el doble campe\u00f3n mundial de la clase J80, el c\u00e1ntabro Jos\u00e9 Mar\u00eda 'Pichu' Torcida, conseguido renovar su titulo de Campeon de Europa de la clase Soto 40 despues de concluir su su participaci\u00f3n con un tercer puesto en la \u00faltima manga , despu\u00e9s de un verdadero recital de navegaci\u00f3n durante cuatro jornadas. Ahora a por el Titulo Mundial en Bahia Concepcion (Chile) del 25 de Enero al 2 de Febrero de 2013.","thumbnail_url":"https:\/\/www.centroopticoalpedrete.com\/blog\/wp-content\/uploads\/2012\/09\/110415soto40_nm_0499.jpg"}